{"id":12,"date":"2011-08-20T18:43:15","date_gmt":"2011-08-20T16:43:15","guid":{"rendered":"http:\/\/elektro-duebi.ch\/web\/?page_id=12"},"modified":"2014-01-27T09:40:31","modified_gmt":"2014-01-27T07:40:31","slug":"referenzen","status":"publish","type":"page","link":"http:\/\/elektro-duebi.ch\/web\/referenzen","title":{"rendered":"Referenzen"},"content":{"rendered":"<p>Hier sehen Sie einige unserer Referenzarbeiten und Projekte &#8211; Unsere Firma steht f\u00fcr h\u00f6chste Qualit\u00e4t und umfangreiche, auf Sie abgestimmte Beratung. Kundenservice wird bei uns gross geschrieben!<\/p>\n<hr \/>\n<p>{tab=Spezial-Anlagen}{slide=Installation Stark- und Schwachstrom f\u00fcr neue Druckmaschine}<br \/>\n&#8211; Installation Stark- und Schwachstrom f\u00fcr neue Druckmaschine<\/p>\n<p><a href=\"http:\/\/elektro-duebi.ch\/web\/wp-content\/uploads\/2011\/08\/051.jpg\"> <img loading=\"lazy\" decoding=\"async\" class=\"alignnone size-thumbnail wp-image-477\" title=\"051\" alt=\"\" src=\"http:\/\/elektro-duebi.ch\/web\/wp-content\/uploads\/2011\/08\/051-150x112.jpg\" width=\"150\" height=\"112\" \/><\/a> <a href=\"http:\/\/elektro-duebi.ch\/web\/wp-content\/uploads\/2011\/08\/053.jpg\"><img loading=\"lazy\" decoding=\"async\" class=\"alignnone size-thumbnail wp-image-478\" title=\"053\" alt=\"\" src=\"http:\/\/elektro-duebi.ch\/web\/wp-content\/uploads\/2011\/08\/053-150x112.jpg\" width=\"150\" height=\"112\" \/><\/a> <a href=\"http:\/\/elektro-duebi.ch\/web\/wp-content\/uploads\/2011\/08\/057.jpg\"><img loading=\"lazy\" decoding=\"async\" class=\"alignnone size-thumbnail wp-image-479\" title=\"057\" alt=\"\" src=\"http:\/\/elektro-duebi.ch\/web\/wp-content\/uploads\/2011\/08\/057-150x112.jpg\" width=\"150\" height=\"112\" \/><\/a> <a href=\"http:\/\/elektro-duebi.ch\/web\/wp-content\/uploads\/2011\/08\/059.jpg\"><img loading=\"lazy\" decoding=\"async\" class=\"alignnone size-thumbnail wp-image-480\" title=\"059\" alt=\"\" src=\"http:\/\/elektro-duebi.ch\/web\/wp-content\/uploads\/2011\/08\/059-150x112.jpg\" width=\"150\" height=\"112\" \/><\/a>{\/slide}<\/p>\n<hr \/>\n<p>{slide=Projekt PV-Anlage in Br\u00fcttelen, Bern}<br \/>\n&#8211; 28 kWp AC Netzgekoppelte-Photovoltaikanlage<br \/>\n&#8211; Installation AC- und DC-Teil der ganzen Anlage.<br \/>\n&#8211; Umbau der bestehenden Hauptverteilung f\u00fcr separate Energiemessung (R\u00fccklieferung ins EW-Netz)<\/p>\n<p><a href=\"http:\/\/elektro-duebi.ch\/web\/wp-content\/uploads\/2014\/01\/002.jpg\"><img loading=\"lazy\" decoding=\"async\" class=\"alignnone size-thumbnail wp-image-451\" title=\"002\" alt=\"\" src=\"http:\/\/elektro-duebi.ch\/web\/wp-content\/uploads\/2014\/01\/002-150x112.jpg\" width=\"150\" height=\"112\" srcset=\"http:\/\/elektro-duebi.ch\/web\/wp-content\/uploads\/2014\/01\/002-150x112.jpg 150w, http:\/\/elektro-duebi.ch\/web\/wp-content\/uploads\/2014\/01\/002-400x300.jpg 400w, http:\/\/elektro-duebi.ch\/web\/wp-content\/uploads\/2014\/01\/002-800x600.jpg 800w, http:\/\/elektro-duebi.ch\/web\/wp-content\/uploads\/2014\/01\/002.jpg 1000w\" sizes=\"auto, (max-width: 150px) 100vw, 150px\" \/><\/a> <a href=\"http:\/\/elektro-duebi.ch\/web\/wp-content\/uploads\/2014\/01\/011.jpg\"><img loading=\"lazy\" decoding=\"async\" class=\"alignnone size-thumbnail wp-image-452\" title=\"011\" alt=\"\" src=\"http:\/\/elektro-duebi.ch\/web\/wp-content\/uploads\/2014\/01\/011-150x112.jpg\" width=\"150\" height=\"112\" srcset=\"http:\/\/elektro-duebi.ch\/web\/wp-content\/uploads\/2014\/01\/011-150x112.jpg 150w, http:\/\/elektro-duebi.ch\/web\/wp-content\/uploads\/2014\/01\/011-400x300.jpg 400w, http:\/\/elektro-duebi.ch\/web\/wp-content\/uploads\/2014\/01\/011-800x600.jpg 800w, http:\/\/elektro-duebi.ch\/web\/wp-content\/uploads\/2014\/01\/011.jpg 1000w\" sizes=\"auto, (max-width: 150px) 100vw, 150px\" \/><\/a> <a href=\"http:\/\/elektro-duebi.ch\/web\/wp-content\/uploads\/2014\/01\/012.jpg\"><img loading=\"lazy\" decoding=\"async\" class=\"alignnone size-thumbnail wp-image-453\" title=\"012\" alt=\"\" src=\"http:\/\/elektro-duebi.ch\/web\/wp-content\/uploads\/2014\/01\/012-150x112.jpg\" width=\"150\" height=\"112\" srcset=\"http:\/\/elektro-duebi.ch\/web\/wp-content\/uploads\/2014\/01\/012-150x112.jpg 150w, http:\/\/elektro-duebi.ch\/web\/wp-content\/uploads\/2014\/01\/012-400x300.jpg 400w, http:\/\/elektro-duebi.ch\/web\/wp-content\/uploads\/2014\/01\/012-800x600.jpg 800w, http:\/\/elektro-duebi.ch\/web\/wp-content\/uploads\/2014\/01\/012.jpg 1000w\" sizes=\"auto, (max-width: 150px) 100vw, 150px\" \/><\/a> <a href=\"http:\/\/elektro-duebi.ch\/web\/wp-content\/uploads\/2014\/01\/019.jpg\"><img loading=\"lazy\" decoding=\"async\" class=\"alignnone size-thumbnail wp-image-454\" title=\"019\" alt=\"\" src=\"http:\/\/elektro-duebi.ch\/web\/wp-content\/uploads\/2014\/01\/019-150x112.jpg\" width=\"150\" height=\"112\" srcset=\"http:\/\/elektro-duebi.ch\/web\/wp-content\/uploads\/2014\/01\/019-150x112.jpg 150w, http:\/\/elektro-duebi.ch\/web\/wp-content\/uploads\/2014\/01\/019-400x300.jpg 400w, http:\/\/elektro-duebi.ch\/web\/wp-content\/uploads\/2014\/01\/019-800x600.jpg 800w, http:\/\/elektro-duebi.ch\/web\/wp-content\/uploads\/2014\/01\/019.jpg 1000w\" sizes=\"auto, (max-width: 150px) 100vw, 150px\" \/><\/a> <a href=\"http:\/\/elektro-duebi.ch\/web\/wp-content\/uploads\/2014\/01\/007.jpg\"><img loading=\"lazy\" decoding=\"async\" class=\"alignnone size-thumbnail wp-image-455\" title=\"007\" alt=\"\" src=\"http:\/\/elektro-duebi.ch\/web\/wp-content\/uploads\/2014\/01\/007-150x112.jpg\" width=\"150\" height=\"112\" srcset=\"http:\/\/elektro-duebi.ch\/web\/wp-content\/uploads\/2014\/01\/007-150x112.jpg 150w, http:\/\/elektro-duebi.ch\/web\/wp-content\/uploads\/2014\/01\/007-400x300.jpg 400w, http:\/\/elektro-duebi.ch\/web\/wp-content\/uploads\/2014\/01\/007-800x600.jpg 800w, http:\/\/elektro-duebi.ch\/web\/wp-content\/uploads\/2014\/01\/007.jpg 1000w\" sizes=\"auto, (max-width: 150px) 100vw, 150px\" \/><\/a> <a href=\"http:\/\/elektro-duebi.ch\/web\/wp-content\/uploads\/2014\/01\/010.jpg\"><img loading=\"lazy\" decoding=\"async\" class=\"alignnone size-thumbnail wp-image-456\" title=\"010\" alt=\"\" src=\"http:\/\/elektro-duebi.ch\/web\/wp-content\/uploads\/2014\/01\/010-150x112.jpg\" width=\"150\" height=\"112\" srcset=\"http:\/\/elektro-duebi.ch\/web\/wp-content\/uploads\/2014\/01\/010-150x112.jpg 150w, http:\/\/elektro-duebi.ch\/web\/wp-content\/uploads\/2014\/01\/010-400x300.jpg 400w, http:\/\/elektro-duebi.ch\/web\/wp-content\/uploads\/2014\/01\/010-800x600.jpg 800w, http:\/\/elektro-duebi.ch\/web\/wp-content\/uploads\/2014\/01\/010.jpg 1000w\" sizes=\"auto, (max-width: 150px) 100vw, 150px\" \/><\/a> <a href=\"http:\/\/elektro-duebi.ch\/web\/wp-content\/uploads\/2011\/08\/DSC_0074.jpg\"><img loading=\"lazy\" decoding=\"async\" class=\"alignnone size-thumbnail wp-image-471\" title=\"DSC_0074\" alt=\"\" src=\"http:\/\/elektro-duebi.ch\/web\/wp-content\/uploads\/2011\/08\/DSC_0074-150x112.jpg\" width=\"150\" height=\"112\" srcset=\"http:\/\/elektro-duebi.ch\/web\/wp-content\/uploads\/2011\/08\/DSC_0074-150x112.jpg 150w, http:\/\/elektro-duebi.ch\/web\/wp-content\/uploads\/2011\/08\/DSC_0074-400x300.jpg 400w, http:\/\/elektro-duebi.ch\/web\/wp-content\/uploads\/2011\/08\/DSC_0074-800x600.jpg 800w, http:\/\/elektro-duebi.ch\/web\/wp-content\/uploads\/2011\/08\/DSC_0074.jpg 1000w\" sizes=\"auto, (max-width: 150px) 100vw, 150px\" \/><\/a>{\/slide}<\/p>\n<hr \/>\n<p>{slide=Projekt PV-Anlage in Beckenried, Nidwalden}<br \/>\n&#8211; 80 kWp AC Netzgekoppelte-Photovoltaikanlage<br \/>\n&#8211; Installation AC- und DC-Teil der ganzen Anlage.<br \/>\n&#8211; Installation von neuem Schaltschrank f\u00fcr die Wandlermessung (R\u00fccklieferung ins EW-Netz)<\/p>\n<p><a href=\"http:\/\/elektro-duebi.ch\/web\/wp-content\/uploads\/2011\/08\/007.jpg\"><img loading=\"lazy\" decoding=\"async\" class=\"alignnone size-thumbnail wp-image-416\" title=\"007\" alt=\"\" src=\"http:\/\/elektro-duebi.ch\/web\/wp-content\/uploads\/2011\/08\/007-150x112.jpg\" width=\"150\" height=\"112\" \/><\/a> <a href=\"http:\/\/elektro-duebi.ch\/web\/wp-content\/uploads\/2011\/08\/0101.jpg\"><img loading=\"lazy\" decoding=\"async\" class=\"alignnone size-thumbnail wp-image-417\" title=\"010\" alt=\"\" src=\"http:\/\/elektro-duebi.ch\/web\/wp-content\/uploads\/2011\/08\/0101-150x112.jpg\" width=\"150\" height=\"112\" \/><\/a> <a href=\"http:\/\/elektro-duebi.ch\/web\/wp-content\/uploads\/2011\/08\/011.jpg\"><img loading=\"lazy\" decoding=\"async\" class=\"alignnone size-thumbnail wp-image-418\" title=\"011\" alt=\"\" src=\"http:\/\/elektro-duebi.ch\/web\/wp-content\/uploads\/2011\/08\/011-150x112.jpg\" width=\"150\" height=\"112\" \/><\/a> <a href=\"http:\/\/elektro-duebi.ch\/web\/wp-content\/uploads\/2011\/08\/0141.jpg\"><img loading=\"lazy\" decoding=\"async\" class=\"alignnone size-thumbnail wp-image-419\" title=\"014\" alt=\"\" src=\"http:\/\/elektro-duebi.ch\/web\/wp-content\/uploads\/2011\/08\/0141-150x112.jpg\" width=\"150\" height=\"112\" \/><\/a> <a href=\"http:\/\/elektro-duebi.ch\/web\/wp-content\/uploads\/2011\/08\/016.jpg\"><img loading=\"lazy\" decoding=\"async\" class=\"alignnone size-thumbnail wp-image-420\" title=\"016\" alt=\"\" src=\"http:\/\/elektro-duebi.ch\/web\/wp-content\/uploads\/2011\/08\/016-150x112.jpg\" width=\"150\" height=\"112\" \/><\/a> <a href=\"http:\/\/elektro-duebi.ch\/web\/wp-content\/uploads\/2011\/08\/Maurer.jpg\"><img loading=\"lazy\" decoding=\"async\" class=\"alignnone size-thumbnail wp-image-466\" title=\"Maurer\" alt=\"\" src=\"http:\/\/elektro-duebi.ch\/web\/wp-content\/uploads\/2011\/08\/Maurer-150x112.jpg\" width=\"150\" height=\"112\" srcset=\"http:\/\/elektro-duebi.ch\/web\/wp-content\/uploads\/2011\/08\/Maurer-150x112.jpg 150w, http:\/\/elektro-duebi.ch\/web\/wp-content\/uploads\/2011\/08\/Maurer-400x300.jpg 400w, http:\/\/elektro-duebi.ch\/web\/wp-content\/uploads\/2011\/08\/Maurer.jpg 800w\" sizes=\"auto, (max-width: 150px) 100vw, 150px\" \/><\/a>{\/slide}<\/p>\n<hr \/>\n<p>{slide=Projekt PV-Anlage in H\u00fchnenberg, Zug}<br \/>\n&#8211; 80 kWp AC Netzgekoppelte-Photovoltaikanlage<br \/>\n&#8211; Installation AC- und DC-Teil der ganzen Anlage.<\/p>\n<p><a href=\"http:\/\/elektro-duebi.ch\/web\/wp-content\/uploads\/2011\/08\/558.jpg\"><img loading=\"lazy\" decoding=\"async\" class=\"alignnone size-thumbnail wp-image-414\" title=\"558\" alt=\"\" src=\"http:\/\/elektro-duebi.ch\/web\/wp-content\/uploads\/2011\/08\/558-150x112.jpg\" width=\"150\" height=\"112\" \/><\/a> <a href=\"http:\/\/elektro-duebi.ch\/web\/wp-content\/uploads\/2011\/08\/562.jpg\"><img loading=\"lazy\" decoding=\"async\" class=\"alignnone size-thumbnail wp-image-415\" title=\"562\" alt=\"\" src=\"http:\/\/elektro-duebi.ch\/web\/wp-content\/uploads\/2011\/08\/562-150x112.jpg\" width=\"150\" height=\"112\" \/><\/a> <a href=\"http:\/\/elektro-duebi.ch\/web\/wp-content\/uploads\/2011\/08\/Huhneberg.jpg\"><img loading=\"lazy\" decoding=\"async\" class=\"alignnone size-thumbnail wp-image-469\" title=\"Huhneberg\" alt=\"\" src=\"http:\/\/elektro-duebi.ch\/web\/wp-content\/uploads\/2011\/08\/Huhneberg-150x112.jpg\" width=\"150\" height=\"112\" srcset=\"http:\/\/elektro-duebi.ch\/web\/wp-content\/uploads\/2011\/08\/Huhneberg-150x112.jpg 150w, http:\/\/elektro-duebi.ch\/web\/wp-content\/uploads\/2011\/08\/Huhneberg-400x300.jpg 400w, http:\/\/elektro-duebi.ch\/web\/wp-content\/uploads\/2011\/08\/Huhneberg-800x600.jpg 800w, http:\/\/elektro-duebi.ch\/web\/wp-content\/uploads\/2011\/08\/Huhneberg.jpg 1000w\" sizes=\"auto, (max-width: 150px) 100vw, 150px\" \/><\/a>{\/slide}<\/p>\n<hr \/>\n<p>{slide=Projekt PV-Anlage in Liesberg, Baselland}<br \/>\n&#8211; 80 kWp AC Netzgekoppelte-Photovoltaikanlage<br \/>\n&#8211; Installation AC- und DC-Teil der ganzen Anlage.<br \/>\n&#8211; Installation von neuem Schaltschrank f\u00fcr die Wandlermessung (R\u00fccklieferung ins EW-Netz)<\/p>\n<p><a href=\"http:\/\/elektro-duebi.ch\/web\/wp-content\/uploads\/2011\/08\/171.jpg\"><img loading=\"lazy\" decoding=\"async\" class=\"alignnone size-thumbnail wp-image-410\" title=\"171\" alt=\"\" src=\"http:\/\/elektro-duebi.ch\/web\/wp-content\/uploads\/2011\/08\/171-150x112.jpg\" width=\"150\" height=\"112\" srcset=\"http:\/\/elektro-duebi.ch\/web\/wp-content\/uploads\/2011\/08\/171-150x112.jpg 150w, http:\/\/elektro-duebi.ch\/web\/wp-content\/uploads\/2011\/08\/171-400x300.jpg 400w, http:\/\/elektro-duebi.ch\/web\/wp-content\/uploads\/2011\/08\/171-800x600.jpg 800w, http:\/\/elektro-duebi.ch\/web\/wp-content\/uploads\/2011\/08\/171.jpg 1000w\" sizes=\"auto, (max-width: 150px) 100vw, 150px\" \/><\/a> <a href=\"http:\/\/elektro-duebi.ch\/web\/wp-content\/uploads\/2011\/08\/168.jpg\"><img loading=\"lazy\" decoding=\"async\" class=\"alignnone size-thumbnail wp-image-411\" title=\"168\" alt=\"\" src=\"http:\/\/elektro-duebi.ch\/web\/wp-content\/uploads\/2011\/08\/168-150x112.jpg\" width=\"150\" height=\"112\" srcset=\"http:\/\/elektro-duebi.ch\/web\/wp-content\/uploads\/2011\/08\/168-150x112.jpg 150w, http:\/\/elektro-duebi.ch\/web\/wp-content\/uploads\/2011\/08\/168-400x300.jpg 400w, http:\/\/elektro-duebi.ch\/web\/wp-content\/uploads\/2011\/08\/168-800x600.jpg 800w, http:\/\/elektro-duebi.ch\/web\/wp-content\/uploads\/2011\/08\/168.jpg 1000w\" sizes=\"auto, (max-width: 150px) 100vw, 150px\" \/><\/a> <a href=\"http:\/\/elektro-duebi.ch\/web\/wp-content\/uploads\/2011\/08\/169.jpg\"><img loading=\"lazy\" decoding=\"async\" class=\"alignnone size-thumbnail wp-image-412\" title=\"169\" alt=\"\" src=\"http:\/\/elektro-duebi.ch\/web\/wp-content\/uploads\/2011\/08\/169-150x112.jpg\" width=\"150\" height=\"112\" srcset=\"http:\/\/elektro-duebi.ch\/web\/wp-content\/uploads\/2011\/08\/169-150x112.jpg 150w, http:\/\/elektro-duebi.ch\/web\/wp-content\/uploads\/2011\/08\/169-400x300.jpg 400w, http:\/\/elektro-duebi.ch\/web\/wp-content\/uploads\/2011\/08\/169-800x600.jpg 800w, http:\/\/elektro-duebi.ch\/web\/wp-content\/uploads\/2011\/08\/169.jpg 1000w\" sizes=\"auto, (max-width: 150px) 100vw, 150px\" \/><\/a> <a href=\"http:\/\/elektro-duebi.ch\/web\/wp-content\/uploads\/2011\/08\/170.jpg\"><img loading=\"lazy\" decoding=\"async\" class=\"alignnone size-thumbnail wp-image-413\" title=\"170\" alt=\"\" src=\"http:\/\/elektro-duebi.ch\/web\/wp-content\/uploads\/2011\/08\/170-150x112.jpg\" width=\"150\" height=\"112\" srcset=\"http:\/\/elektro-duebi.ch\/web\/wp-content\/uploads\/2011\/08\/170-150x112.jpg 150w, http:\/\/elektro-duebi.ch\/web\/wp-content\/uploads\/2011\/08\/170-400x300.jpg 400w, http:\/\/elektro-duebi.ch\/web\/wp-content\/uploads\/2011\/08\/170-800x600.jpg 800w, http:\/\/elektro-duebi.ch\/web\/wp-content\/uploads\/2011\/08\/170.jpg 1000w\" sizes=\"auto, (max-width: 150px) 100vw, 150px\" \/> <\/a><a href=\"http:\/\/elektro-duebi.ch\/web\/wp-content\/uploads\/2011\/08\/Bild0212.jpg\"><img loading=\"lazy\" decoding=\"async\" class=\"alignnone size-thumbnail wp-image-465\" title=\"Bild0212\" alt=\"\" src=\"http:\/\/elektro-duebi.ch\/web\/wp-content\/uploads\/2011\/08\/Bild0212-150x112.jpg\" width=\"150\" height=\"112\" srcset=\"http:\/\/elektro-duebi.ch\/web\/wp-content\/uploads\/2011\/08\/Bild0212-150x112.jpg 150w, http:\/\/elektro-duebi.ch\/web\/wp-content\/uploads\/2011\/08\/Bild0212-400x300.jpg 400w, http:\/\/elektro-duebi.ch\/web\/wp-content\/uploads\/2011\/08\/Bild0212.jpg 640w\" sizes=\"auto, (max-width: 150px) 100vw, 150px\" \/><\/a>{\/slide}<\/p>\n<hr \/>\n<p>{slide=Projekt PV-Anlage in Pensier, Fribourg}<br \/>\n&#8211; 120 kWp AC Netzgekoppelte-Photovoltaikanlage<br \/>\n&#8211; Installation AC- und DC-Teil der ganzen Anlage.<br \/>\n&#8211; Installation von neuem Schaltschrank f\u00fcr die Wandlermessung (R\u00fccklieferung ins EW-Netz)<\/p>\n<p><a href=\"http:\/\/elektro-duebi.ch\/web\/wp-content\/uploads\/2011\/08\/173.jpg\"><img loading=\"lazy\" decoding=\"async\" class=\"alignnone size-thumbnail wp-image-404\" title=\"173\" alt=\"\" src=\"http:\/\/elektro-duebi.ch\/web\/wp-content\/uploads\/2011\/08\/173-150x112.jpg\" width=\"150\" height=\"112\" \/><\/a> <a href=\"http:\/\/elektro-duebi.ch\/web\/wp-content\/uploads\/2011\/08\/176.jpg\"><img loading=\"lazy\" decoding=\"async\" class=\"alignnone size-thumbnail wp-image-405\" title=\"176\" alt=\"\" src=\"http:\/\/elektro-duebi.ch\/web\/wp-content\/uploads\/2011\/08\/176-150x112.jpg\" width=\"150\" height=\"112\" \/><\/a> <a href=\"http:\/\/elektro-duebi.ch\/web\/wp-content\/uploads\/2011\/08\/185.jpg\"><img loading=\"lazy\" decoding=\"async\" class=\"alignnone size-thumbnail wp-image-406\" title=\"185\" alt=\"\" src=\"http:\/\/elektro-duebi.ch\/web\/wp-content\/uploads\/2011\/08\/185-150x112.jpg\" width=\"150\" height=\"112\" \/><\/a>{\/slide}<\/p>\n<hr \/>\n<p>{tab=Neubauprojekte}{slide=Projekt Neubau 5 \u00bd Zimmer-Einfamilienhaus in Radelfingen, Bern}<\/p>\n<p>&#8211; Konventionelle Elektroinstallation mit einer Multimediaverkabelung.<\/p>\n<p>Architektur:<br \/>\n<strong>Atmoshaus AG<\/strong><br \/>\nEichweid 1<br \/>\n6203 Sempach Station<\/p>\n<p><a href=\"http:\/\/elektro-duebi.ch\/web\/wp-content\/uploads\/2011\/08\/378.jpg\"><img loading=\"lazy\" decoding=\"async\" class=\"alignnone size-thumbnail wp-image-360\" title=\"378\" alt=\"\" src=\"http:\/\/elektro-duebi.ch\/web\/wp-content\/uploads\/2011\/08\/378-150x112.jpg\" width=\"150\" height=\"112\" srcset=\"http:\/\/elektro-duebi.ch\/web\/wp-content\/uploads\/2011\/08\/378-150x112.jpg 150w, http:\/\/elektro-duebi.ch\/web\/wp-content\/uploads\/2011\/08\/378-400x300.jpg 400w, http:\/\/elektro-duebi.ch\/web\/wp-content\/uploads\/2011\/08\/378-800x600.jpg 800w, http:\/\/elektro-duebi.ch\/web\/wp-content\/uploads\/2011\/08\/378.jpg 1000w\" sizes=\"auto, (max-width: 150px) 100vw, 150px\" \/><\/a> <a href=\"http:\/\/elektro-duebi.ch\/web\/wp-content\/uploads\/2011\/08\/IMG_1854.jpg\"><img loading=\"lazy\" decoding=\"async\" class=\"alignnone size-thumbnail wp-image-362\" title=\"IMG_1854\" alt=\"\" src=\"http:\/\/elektro-duebi.ch\/web\/wp-content\/uploads\/2011\/08\/IMG_1854-150x112.jpg\" width=\"150\" height=\"112\" srcset=\"http:\/\/elektro-duebi.ch\/web\/wp-content\/uploads\/2011\/08\/IMG_1854-150x112.jpg 150w, http:\/\/elektro-duebi.ch\/web\/wp-content\/uploads\/2011\/08\/IMG_1854-400x300.jpg 400w, http:\/\/elektro-duebi.ch\/web\/wp-content\/uploads\/2011\/08\/IMG_1854-800x600.jpg 800w, http:\/\/elektro-duebi.ch\/web\/wp-content\/uploads\/2011\/08\/IMG_1854.jpg 1000w\" sizes=\"auto, (max-width: 150px) 100vw, 150px\" \/><\/a>{\/slide}<\/p>\n<hr \/>\n<p>{slide=Projekt Neubau 6 \u00bd Zimmer Einfamilienhaus in B\u00f6singen, Fribourg}<br \/>\n&#8211; Konventionelle Elektroinstallation mit einem Multimedia-Home-Verkabelungsystem<br \/>\n&#8211; 7.0 kWp AC Netzgekoppelte-Photovoltaikanlage (Planung, Projektierung, Lieferung, Montage und Installation aus unserem Hause)<\/p>\n<p>Architektur:<br \/>\n<strong>Atmoshaus AG<\/strong><br \/>\nEichweid 1<br \/>\n6203 Sempach Station<\/p>\n<p><a href=\"http:\/\/elektro-duebi.ch\/web\/wp-content\/uploads\/2011\/08\/031.jpg\"><img loading=\"lazy\" decoding=\"async\" class=\"alignnone size-thumbnail wp-image-351\" title=\"031\" alt=\"\" src=\"http:\/\/elektro-duebi.ch\/web\/wp-content\/uploads\/2011\/08\/031-150x112.jpg\" width=\"150\" height=\"112\" \/><\/a> <a href=\"http:\/\/elektro-duebi.ch\/web\/wp-content\/uploads\/2011\/08\/0321.jpg\"><img loading=\"lazy\" decoding=\"async\" class=\"alignnone size-thumbnail wp-image-352\" title=\"032\" alt=\"\" src=\"http:\/\/elektro-duebi.ch\/web\/wp-content\/uploads\/2011\/08\/0321-150x112.jpg\" width=\"150\" height=\"112\" \/><\/a> <a href=\"http:\/\/elektro-duebi.ch\/web\/wp-content\/uploads\/2011\/08\/027.jpg\"><img loading=\"lazy\" decoding=\"async\" class=\"alignnone size-thumbnail wp-image-353\" title=\"027\" alt=\"\" src=\"http:\/\/elektro-duebi.ch\/web\/wp-content\/uploads\/2011\/08\/027-150x112.jpg\" width=\"150\" height=\"112\" \/><\/a> <a href=\"http:\/\/elektro-duebi.ch\/web\/wp-content\/uploads\/2011\/08\/594.jpg\"><img loading=\"lazy\" decoding=\"async\" class=\"alignnone size-thumbnail wp-image-355\" title=\"594\" alt=\"\" src=\"http:\/\/elektro-duebi.ch\/web\/wp-content\/uploads\/2011\/08\/594-150x112.jpg\" width=\"150\" height=\"112\" \/><\/a> <a href=\"http:\/\/elektro-duebi.ch\/web\/wp-content\/uploads\/2011\/08\/730.jpg\"><img loading=\"lazy\" decoding=\"async\" class=\"alignnone size-thumbnail wp-image-356\" title=\"730\" alt=\"\" src=\"http:\/\/elektro-duebi.ch\/web\/wp-content\/uploads\/2011\/08\/730-150x112.jpg\" width=\"150\" height=\"112\" \/><\/a> <a href=\"http:\/\/elektro-duebi.ch\/web\/wp-content\/uploads\/2011\/08\/041.jpg\"><img loading=\"lazy\" decoding=\"async\" class=\"alignnone size-thumbnail wp-image-431\" title=\"041\" alt=\"\" src=\"http:\/\/elektro-duebi.ch\/web\/wp-content\/uploads\/2011\/08\/041-150x112.jpg\" width=\"150\" height=\"112\" \/><\/a> <a href=\"http:\/\/elektro-duebi.ch\/web\/wp-content\/uploads\/2011\/08\/024.jpg\"><img loading=\"lazy\" decoding=\"async\" class=\"alignnone size-thumbnail wp-image-432\" title=\"024\" alt=\"\" src=\"http:\/\/elektro-duebi.ch\/web\/wp-content\/uploads\/2011\/08\/024-150x112.jpg\" width=\"150\" height=\"112\" \/><\/a>{\/slide}<\/p>\n<hr \/>\n<p>{slide=Projekt Neubau 5 \u00bd Zimmer Einfamilienhaus 01 in B\u00fcren an der Aare, Bern}<br \/>\n&#8211; Konventionelle Elektroinstallation mit einem Multimedia-Home-Verkabelungsystem<\/p>\n<p>Architektur:<br \/>\n<strong>Atmoshaus AG<\/strong><br \/>\nEichweid 1<br \/>\n6203 Sempach Station<\/p>\n<p><a href=\"http:\/\/elektro-duebi.ch\/web\/wp-content\/uploads\/2011\/08\/033.jpg\"><img loading=\"lazy\" decoding=\"async\" class=\"alignnone size-thumbnail wp-image-397\" title=\"033\" alt=\"\" src=\"http:\/\/elektro-duebi.ch\/web\/wp-content\/uploads\/2011\/08\/033-150x112.jpg\" width=\"150\" height=\"112\" srcset=\"http:\/\/elektro-duebi.ch\/web\/wp-content\/uploads\/2011\/08\/033-150x112.jpg 150w, http:\/\/elektro-duebi.ch\/web\/wp-content\/uploads\/2011\/08\/033-400x300.jpg 400w, http:\/\/elektro-duebi.ch\/web\/wp-content\/uploads\/2011\/08\/033-800x600.jpg 800w, http:\/\/elektro-duebi.ch\/web\/wp-content\/uploads\/2011\/08\/033.jpg 1000w\" sizes=\"auto, (max-width: 150px) 100vw, 150px\" \/><\/a><a href=\"http:\/\/elektro-duebi.ch\/web\/wp-content\/uploads\/2011\/08\/229.jpg\"> <img loading=\"lazy\" decoding=\"async\" class=\"alignnone  wp-image-430\" title=\"229\" alt=\"\" src=\"http:\/\/elektro-duebi.ch\/web\/wp-content\/uploads\/2011\/08\/229-150x112.jpg\" width=\"150\" height=\"112\" \/><\/a>{\/slide}<\/p>\n<hr \/>\n<p>{slide=Projekt Neubau 5 \u00bd Zimmer Einfamilienhaus 02 in B\u00fcren an der Aare, Bern}<br \/>\n&#8211; Konventionelle Elektroinstallation mit einem Multimedia-Home-Verkabelungsystem<\/p>\n<p>Architektur:<br \/>\n<strong>Atmoshaus AG<\/strong><br \/>\nEichweid 1<br \/>\n6203 Sempach Station<\/p>\n<p><a href=\"http:\/\/elektro-duebi.ch\/web\/wp-content\/uploads\/2011\/08\/atmoshaus_001.jpg\"><img loading=\"lazy\" decoding=\"async\" class=\"alignnone size-thumbnail wp-image-348\" title=\"atmoshaus_001\" alt=\"\" src=\"http:\/\/elektro-duebi.ch\/web\/wp-content\/uploads\/2011\/08\/atmoshaus_001-150x112.jpg\" width=\"150\" height=\"112\" srcset=\"http:\/\/elektro-duebi.ch\/web\/wp-content\/uploads\/2011\/08\/atmoshaus_001-150x112.jpg 150w, http:\/\/elektro-duebi.ch\/web\/wp-content\/uploads\/2011\/08\/atmoshaus_001-400x300.jpg 400w, http:\/\/elektro-duebi.ch\/web\/wp-content\/uploads\/2011\/08\/atmoshaus_001-800x600.jpg 800w, http:\/\/elektro-duebi.ch\/web\/wp-content\/uploads\/2011\/08\/atmoshaus_001.jpg 1000w\" sizes=\"auto, (max-width: 150px) 100vw, 150px\" \/><\/a> <a href=\"http:\/\/elektro-duebi.ch\/web\/wp-content\/uploads\/2011\/08\/atmoshaus_002.jpg\"><img loading=\"lazy\" decoding=\"async\" class=\"alignnone size-thumbnail wp-image-349\" title=\"atmoshaus_002\" alt=\"\" src=\"http:\/\/elektro-duebi.ch\/web\/wp-content\/uploads\/2011\/08\/atmoshaus_002-150x112.jpg\" width=\"150\" height=\"112\" \/><\/a> {\/slide}<\/p>\n<hr \/>\n<p>{slide=Projekt Neubau 6 \u00bd Zimmer Einfamilienhaus in Suberg, Bern}<br \/>\nBauzeit: <strong>Sommer 2012 bis Fr\u00fchjahr 2013<\/strong><br \/>\n&#8211; Konventionelle Elektroinstallation<br \/>\n&#8211; Satelitenanlage, Multimediainstallation<\/p>\n<p>Architektur:<br \/>\n<strong>Atmoshaus AG<\/strong><br \/>\nEichweid 1<br \/>\n6203 Sempach Station<\/p>\n<p><a href=\"http:\/\/elektro-duebi.ch\/web\/wp-content\/uploads\/2011\/08\/IMG_1585.jpg\"><img loading=\"lazy\" decoding=\"async\" class=\"size-thumbnail wp-image-293 alignnone\" title=\"IMG_1585\" alt=\"\" src=\"http:\/\/elektro-duebi.ch\/web\/wp-content\/uploads\/2011\/08\/IMG_1585-150x112.jpg\" width=\"150\" height=\"112\" \/><\/a>{\/slide}<\/p>\n<hr \/>\n<p>{slide=Projekt Neubau 5 \u00bd Zimmer Einfamilienhaus in Ammerzwil, Bern}<br \/>\nBauzeit: <strong>Sommer 2012 bis Fr\u00fchjahr 2013<\/strong><br \/>\n&#8211; Konventionelle Elektroinstallation<br \/>\n&#8211; Analoge TV- und Kommunikationsinstallation<\/p>\n<p>Architektur:<br \/>\n<strong>Atmoshaus AG<\/strong><br \/>\nEichweid 1<br \/>\n6203 Sempach Station<\/p>\n<p><a href=\"http:\/\/elektro-duebi.ch\/web\/wp-content\/uploads\/2011\/08\/IMG_1570.jpg\"><img loading=\"lazy\" decoding=\"async\" class=\"size-thumbnail wp-image-294 alignnone\" title=\"IMG_1570\" alt=\"\" src=\"http:\/\/elektro-duebi.ch\/web\/wp-content\/uploads\/2011\/08\/IMG_1570-150x112.jpg\" width=\"150\" height=\"112\" \/> <\/a><a href=\"http:\/\/elektro-duebi.ch\/web\/wp-content\/uploads\/2011\/08\/IMG_1578.jpg\"><img loading=\"lazy\" decoding=\"async\" class=\"alignnone size-thumbnail wp-image-295\" title=\"IMG_1578\" alt=\"\" src=\"http:\/\/elektro-duebi.ch\/web\/wp-content\/uploads\/2011\/08\/IMG_1578-150x112.jpg\" width=\"150\" height=\"112\" srcset=\"http:\/\/elektro-duebi.ch\/web\/wp-content\/uploads\/2011\/08\/IMG_1578-150x112.jpg 150w, http:\/\/elektro-duebi.ch\/web\/wp-content\/uploads\/2011\/08\/IMG_1578-400x300.jpg 400w, http:\/\/elektro-duebi.ch\/web\/wp-content\/uploads\/2011\/08\/IMG_1578-800x600.jpg 800w, http:\/\/elektro-duebi.ch\/web\/wp-content\/uploads\/2011\/08\/IMG_1578.jpg 1000w\" sizes=\"auto, (max-width: 150px) 100vw, 150px\" \/><\/a><a href=\"http:\/\/elektro-duebi.ch\/web\/wp-content\/uploads\/2011\/08\/Mess-und-Pru\u0308fprtokoll-1.jpg\"><img loading=\"lazy\" decoding=\"async\" class=\"alignnone size-thumbnail wp-image-296\" title=\"Mess--und-Pru\u0308fprtokoll-1\" alt=\"\" src=\"http:\/\/elektro-duebi.ch\/web\/wp-content\/uploads\/2011\/08\/Mess-und-Pru\u0308fprtokoll-1-150x112.jpg\" width=\"150\" height=\"112\" \/><\/a><a href=\"http:\/\/elektro-duebi.ch\/web\/wp-content\/uploads\/2011\/08\/Mess-und-Pru\u0308fprtokoll-2.jpg\"><img loading=\"lazy\" decoding=\"async\" class=\"alignnone size-thumbnail wp-image-297\" title=\"Mess--und-Pru\u0308fprtokoll-2\" alt=\"\" src=\"http:\/\/elektro-duebi.ch\/web\/wp-content\/uploads\/2011\/08\/Mess-und-Pru\u0308fprtokoll-2-150x112.jpg\" width=\"150\" height=\"112\" \/><\/a><a href=\"http:\/\/elektro-duebi.ch\/web\/wp-content\/uploads\/2011\/08\/Prinzipschema-TV-Installation.jpg\"><img loading=\"lazy\" decoding=\"async\" class=\"alignnone size-thumbnail wp-image-298\" title=\"Prinzipschema-TV-Installation\" alt=\"\" src=\"http:\/\/elektro-duebi.ch\/web\/wp-content\/uploads\/2011\/08\/Prinzipschema-TV-Installation-150x112.jpg\" width=\"150\" height=\"112\" \/><\/a><a href=\"http:\/\/elektro-duebi.ch\/web\/wp-content\/uploads\/2011\/08\/Sicherheitsnachweis.jpg\"><img loading=\"lazy\" decoding=\"async\" class=\"alignnone size-thumbnail wp-image-299\" title=\"Sicherheitsnachweis\" alt=\"\" src=\"http:\/\/elektro-duebi.ch\/web\/wp-content\/uploads\/2011\/08\/Sicherheitsnachweis-150x112.jpg\" width=\"150\" height=\"112\" \/><\/a>{\/slide}<\/p>\n<hr \/>\n<p>{slide=Projekt Neubau Garage und Autounterstand in Studen, Bern}<br \/>\nBeleuchtungsinstallation.<br \/>\nDie Einbau- Fluoreszenzleuchten T5 sind b\u00fcndig im Betonelement vergossen und werden bei Tageslicht erst auf den zweiten Blick als Leuchte wahr genommen.<\/p>\n<p>Architekt:<br \/>\n<strong>ARCH-TEAM Architekturb\u00fcro<\/strong><br \/>\nB\u00fccheler Claude<br \/>\nArchitekt HTL\/SIA<br \/>\nGrabenstrasse 31<br \/>\n2557 Studen BE<\/p>\n<p><a href=\"http:\/\/elektro-duebi.ch\/web\/wp-content\/uploads\/2011\/08\/IMG_0853.jpg\"><img loading=\"lazy\" decoding=\"async\" title=\"IMG_0853\" alt=\"\" src=\"http:\/\/elektro-duebi.ch\/web\/wp-content\/uploads\/2011\/08\/IMG_0853-150x112.jpg\" width=\"150\" height=\"112\" \/><\/a> <a href=\"http:\/\/elektro-duebi.ch\/web\/wp-content\/uploads\/2011\/08\/Jeannette-005.jpg\"><img loading=\"lazy\" decoding=\"async\" title=\"Jeannette-005\" alt=\"\" src=\"http:\/\/elektro-duebi.ch\/web\/wp-content\/uploads\/2011\/08\/Jeannette-005-150x112.jpg\" width=\"150\" height=\"112\" \/><\/a> <a href=\"http:\/\/elektro-duebi.ch\/web\/wp-content\/uploads\/2011\/08\/Jeannette-010.jpg\"><img loading=\"lazy\" decoding=\"async\" title=\"Jeannette-010\" alt=\"\" src=\"http:\/\/elektro-duebi.ch\/web\/wp-content\/uploads\/2011\/08\/Jeannette-010-150x112.jpg\" width=\"150\" height=\"112\" \/><\/a>{\/slide}<\/p>\n<hr \/>\n<p>{slide=Projekt Neubau 6\u00bd Zimmer Einfamilienhaus am Sandhubel in Ammerzwil, Bern}<br \/>\nBauzeit: <strong>Sommer 2011 bis Fr\u00fchjahr 2012<\/strong><br \/>\nArchitekt:<br \/>\n<strong>ARCH-TEAM Architekturb\u00fcro<\/strong><br \/>\nB\u00fccheler Claude<br \/>\nArchitekt HTL\/SIA<br \/>\nGrabenstrasse 31<br \/>\n2557 Studen BE<\/p>\n<p>Konventionelle Elektroinstallation<\/p>\n<p><a href=\"http:\/\/elektro-duebi.ch\/web\/wp-content\/uploads\/2011\/08\/IMG_0594.jpg\"><img loading=\"lazy\" decoding=\"async\" title=\"IMG_0594\" alt=\"\" src=\"http:\/\/elektro-duebi.ch\/web\/wp-content\/uploads\/2011\/08\/IMG_0594-150x112.jpg\" width=\"150\" height=\"112\" \/><\/a> <a href=\"http:\/\/elektro-duebi.ch\/web\/wp-content\/uploads\/2011\/08\/IMG_0598.jpg\"><img loading=\"lazy\" decoding=\"async\" title=\"IMG_0598\" alt=\"\" src=\"http:\/\/elektro-duebi.ch\/web\/wp-content\/uploads\/2011\/08\/IMG_0598-150x112.jpg\" width=\"150\" height=\"112\" \/><\/a> <a href=\"http:\/\/elektro-duebi.ch\/web\/wp-content\/uploads\/2011\/08\/IMG_0607.jpg\"><img loading=\"lazy\" decoding=\"async\" title=\"IMG_0607\" alt=\"\" src=\"http:\/\/elektro-duebi.ch\/web\/wp-content\/uploads\/2011\/08\/IMG_0607-150x112.jpg\" width=\"150\" height=\"112\" \/><\/a> <a href=\"http:\/\/elektro-duebi.ch\/web\/wp-content\/uploads\/2011\/08\/IMG_0623.jpg\"><img loading=\"lazy\" decoding=\"async\" title=\"IMG_0623\" alt=\"\" src=\"http:\/\/elektro-duebi.ch\/web\/wp-content\/uploads\/2011\/08\/IMG_0623-150x112.jpg\" width=\"150\" height=\"112\" \/><\/a>{\/slide}<\/p>\n<hr \/>\n<p>{slide=Projekt Neubau Werkhof und Wohngeb\u00e4ude in Grossaffoltern, Bern}<br \/>\nArchitektur:<br \/>\n<strong>Frey Immobilien + Architektur<\/strong><br \/>\nDorfstrasse 43<br \/>\nPostfach<br \/>\n3257 Grossaffoltern<\/p>\n<p>Elektroplanung und Ausf\u00fchrung durch uns. Erdgeschoss: B\u00fcro- und Werkhofr\u00e4umlichkeiten. Ober- und Dachgeschoss: zwei 6\u00bd Zimmer Wohnungen mit Galerie<\/p>\n<p>Konventionelle Elektroinstallation.<br \/>\nDie Schnitzelheizung welche im Heizungsraum der extern vom Hauptgeb\u00e4ude liegt, versorgt mittels Fernw\u00e4rmenetz drei umliegende Geb\u00e4ude. In die in s\u00fcdlicher Richtung liegende Dachfl\u00e4che wurde eine Dachintegrierte Solarkollektor-Anlage, sowie eine Photovoltaikanlage installiert. In den beiden Wohnungen wurde eine Zeitgem\u00e4\u00dfe und Zukunftsorientierte Multimediainstallation installiert, welche s\u00e4mtlichen Bed\u00fcrfnissen und Anspr\u00fcchen an Flexibilit\u00e4t hinsichtlich Sprach, Daten und Bild\u00fcbertragung gerecht wird.<\/p>\n<p><a href=\"http:\/\/elektro-duebi.ch\/web\/wp-content\/uploads\/2011\/08\/IMG_1629.jpg\"><img loading=\"lazy\" decoding=\"async\" title=\"IMG_1629\" alt=\"\" src=\"http:\/\/elektro-duebi.ch\/web\/wp-content\/uploads\/2011\/08\/IMG_1629-150x112.jpg\" width=\"150\" height=\"112\" \/><\/a> <a href=\"http:\/\/elektro-duebi.ch\/web\/wp-content\/uploads\/2011\/08\/IMG_1634.jpg\"><img loading=\"lazy\" decoding=\"async\" title=\"IMG_1634\" alt=\"\" src=\"http:\/\/elektro-duebi.ch\/web\/wp-content\/uploads\/2011\/08\/IMG_1634-150x112.jpg\" width=\"150\" height=\"112\" \/><\/a> <a href=\"http:\/\/elektro-duebi.ch\/web\/wp-content\/uploads\/2011\/08\/IMG_1409.jpg\"><img loading=\"lazy\" decoding=\"async\" title=\"IMG_1409\" alt=\"\" src=\"http:\/\/elektro-duebi.ch\/web\/wp-content\/uploads\/2011\/08\/IMG_1409-150x112.jpg\" width=\"150\" height=\"112\" \/><\/a> <a href=\"http:\/\/elektro-duebi.ch\/web\/wp-content\/uploads\/2011\/08\/IMG_1412.jpg\"><img loading=\"lazy\" decoding=\"async\" title=\"IMG_1412\" alt=\"\" src=\"http:\/\/elektro-duebi.ch\/web\/wp-content\/uploads\/2011\/08\/IMG_1412-150x112.jpg\" width=\"150\" height=\"112\" \/><\/a> <a href=\"http:\/\/elektro-duebi.ch\/web\/wp-content\/uploads\/2011\/08\/IMG_1413.jpg\"><img loading=\"lazy\" decoding=\"async\" title=\"IMG_1413\" alt=\"\" src=\"http:\/\/elektro-duebi.ch\/web\/wp-content\/uploads\/2011\/08\/IMG_1413-150x112.jpg\" width=\"150\" height=\"112\" \/><\/a> <a href=\"http:\/\/elektro-duebi.ch\/web\/wp-content\/uploads\/2011\/08\/IMG_1414.jpg\"><img loading=\"lazy\" decoding=\"async\" title=\"IMG_1414\" alt=\"\" src=\"http:\/\/elektro-duebi.ch\/web\/wp-content\/uploads\/2011\/08\/IMG_1414-150x112.jpg\" width=\"150\" height=\"112\" \/><\/a> <a href=\"http:\/\/elektro-duebi.ch\/web\/wp-content\/uploads\/2011\/08\/IMG_1415.jpg\"><img loading=\"lazy\" decoding=\"async\" title=\"IMG_1415\" alt=\"\" src=\"http:\/\/elektro-duebi.ch\/web\/wp-content\/uploads\/2011\/08\/IMG_1415-150x112.jpg\" width=\"150\" height=\"112\" \/><\/a> <a href=\"http:\/\/elektro-duebi.ch\/web\/wp-content\/uploads\/2011\/08\/IMG_1416.jpg\"><img loading=\"lazy\" decoding=\"async\" title=\"IMG_1416\" alt=\"\" src=\"http:\/\/elektro-duebi.ch\/web\/wp-content\/uploads\/2011\/08\/IMG_1416-150x112.jpg\" width=\"150\" height=\"112\" \/><\/a> <a href=\"http:\/\/elektro-duebi.ch\/web\/wp-content\/uploads\/2011\/08\/IMG_1417.jpg\"><img loading=\"lazy\" decoding=\"async\" title=\"IMG_1417\" alt=\"\" src=\"http:\/\/elektro-duebi.ch\/web\/wp-content\/uploads\/2011\/08\/IMG_1417-150x112.jpg\" width=\"150\" height=\"112\" \/><\/a> <a href=\"http:\/\/elektro-duebi.ch\/web\/wp-content\/uploads\/2011\/08\/IMG_1418.jpg\"><img loading=\"lazy\" decoding=\"async\" title=\"IMG_1418\" alt=\"\" src=\"http:\/\/elektro-duebi.ch\/web\/wp-content\/uploads\/2011\/08\/IMG_1418-150x112.jpg\" width=\"150\" height=\"112\" \/><\/a> {\/slide}<\/p>\n<hr \/>\n<p>{tab=Umbau \/ Sanierungen}<\/p>\n<p>{slide=Einbau 7 \u00bd Zimmer Wohnung in \u00d6konomieteil von ehemaligem Bauerhaus in Sch\u00fcpfen, Bern}<br \/>\n&#8211; Beratung, Planung und Ausf\u00fchrung von Konventioneller Elektroinstallation.<br \/>\n&#8211; Einbau von Zeitgerechter Multimedia-Verteilinstallation.<\/p>\n<p><a href=\"http:\/\/elektro-duebi.ch\/web\/wp-content\/uploads\/2011\/08\/019.jpg\"><img loading=\"lazy\" decoding=\"async\" class=\"alignnone size-thumbnail wp-image-485\" alt=\"019\" src=\"http:\/\/elektro-duebi.ch\/web\/wp-content\/uploads\/2011\/08\/019-150x112.jpg\" width=\"150\" height=\"112\" \/><\/a> <a href=\"http:\/\/elektro-duebi.ch\/web\/wp-content\/uploads\/2011\/08\/0271.jpg\"><img loading=\"lazy\" decoding=\"async\" class=\"alignnone size-thumbnail wp-image-488\" alt=\"027\" src=\"http:\/\/elektro-duebi.ch\/web\/wp-content\/uploads\/2011\/08\/0271-150x112.jpg\" width=\"150\" height=\"112\" \/><\/a> <a href=\"http:\/\/elektro-duebi.ch\/web\/wp-content\/uploads\/2011\/08\/028.jpg\"><img loading=\"lazy\" decoding=\"async\" class=\"alignnone size-thumbnail wp-image-489\" alt=\"028\" src=\"http:\/\/elektro-duebi.ch\/web\/wp-content\/uploads\/2011\/08\/028-150x112.jpg\" width=\"150\" height=\"112\" \/><\/a> <a href=\"http:\/\/elektro-duebi.ch\/web\/wp-content\/uploads\/2011\/08\/036.jpg\"><img loading=\"lazy\" decoding=\"async\" class=\"alignnone size-thumbnail wp-image-490\" alt=\"036\" src=\"http:\/\/elektro-duebi.ch\/web\/wp-content\/uploads\/2011\/08\/036-150x112.jpg\" width=\"150\" height=\"112\" \/><\/a> <a href=\"http:\/\/elektro-duebi.ch\/web\/wp-content\/uploads\/2011\/08\/0421.jpg\"><img loading=\"lazy\" decoding=\"async\" class=\"alignnone size-thumbnail wp-image-491\" alt=\"042\" src=\"http:\/\/elektro-duebi.ch\/web\/wp-content\/uploads\/2011\/08\/0421-150x112.jpg\" width=\"150\" height=\"112\" \/><\/a> <a href=\"http:\/\/elektro-duebi.ch\/web\/wp-content\/uploads\/2011\/08\/045.jpg\"><img loading=\"lazy\" decoding=\"async\" class=\"alignnone size-thumbnail wp-image-492\" alt=\"045\" src=\"http:\/\/elektro-duebi.ch\/web\/wp-content\/uploads\/2011\/08\/045-150x112.jpg\" width=\"150\" height=\"112\" \/><\/a>{\/slide}<\/p>\n<hr \/>\n<p>{slide=Projekt Umbau und Sanierung Bauernhaus in Sch\u00fcpfen, Bern}<br \/>\nEinbau 5 \u00bd Zimmer Wohnung<br \/>\n&#8211; Komplettsanierung der Elektro-, Telefon- und TV-Installationen<\/p>\n<p><a href=\"http:\/\/elektro-duebi.ch\/web\/wp-content\/uploads\/2011\/08\/245.jpg\"><img loading=\"lazy\" decoding=\"async\" title=\"245\" alt=\"\" src=\"http:\/\/elektro-duebi.ch\/web\/wp-content\/uploads\/2011\/08\/245-150x112.jpg\" width=\"150\" height=\"112\" \/><\/a> <a href=\"http:\/\/elektro-duebi.ch\/web\/wp-content\/uploads\/2011\/08\/249.jpg\"><img loading=\"lazy\" decoding=\"async\" title=\"249\" alt=\"\" src=\"http:\/\/elektro-duebi.ch\/web\/wp-content\/uploads\/2011\/08\/249-150x112.jpg\" width=\"150\" height=\"112\" \/><\/a> <a href=\"http:\/\/elektro-duebi.ch\/web\/wp-content\/uploads\/2011\/08\/253.jpg\"><img loading=\"lazy\" decoding=\"async\" title=\"253\" alt=\"\" src=\"http:\/\/elektro-duebi.ch\/web\/wp-content\/uploads\/2011\/08\/253-150x112.jpg\" width=\"150\" height=\"112\" \/><\/a>{\/slide}<\/p>\n<hr \/>\n<p>{slide=Projekt Alno (Schweiz) AG K\u00fcchenshowroom in Biel, Bern}<br \/>\nBauherr: <strong>Alno (Schweiz) AG<\/strong><br \/>\nHauptsitz-Verwaltung<br \/>\nMittelstrasse 24<br \/>\n2560 Nidau<\/p>\n<p>Telefon: 032 329 99 00<br \/>\nFax: 032 329 99 01<\/p>\n<p>Architektur:<br \/>\n<strong>apart architektur AG<\/strong><br \/>\nWaffengasse 9<br \/>\n2502 Biel<\/p>\n<p>Elektroplanung und Ausf\u00fchrung der Elektro-, Telematik- und Multimediainstallationen des K\u00fcchenshowrooms von ca. 630m2 Verkaufsfl\u00e4che durch uns.<\/p>\n<p>Es wurde ein Zeitgem\u00e4\u00dfes LED- Beleuchtungssystem installiert welches sich in einzelnen Zonenschaltungen \u00fcber eine Zentrale- Steuerstelle schalten l\u00e4sst. Die Kernzone mit den funktionierenden Showk\u00fcchen wurde mit Einbau LED-Down-Light-Leuchten best\u00fcckt welche sich \u00fcber ein DALI-Gateway dimmen, schalten und der individuellen Nutzung anpassen l\u00e4sst. Die Audio-Beschallungsanlage l\u00e4sst ein abspielen ab MP3 Dateien zu und tr\u00e4gt mit seiner m\u00f6glichen Regelung zu einer Wohlf\u00fchl-Atmosph\u00e4re bei.<\/p>\n<p>Das UKV Netzwerk umspannt insgesamt 23 Datenleitungen welche eine optimale Vernetzung der einzelnen Arbeitspl\u00e4tze und Multimedialen \u2013 Visuellen-Wiedergabeger\u00e4te sicherstellt. Das moderne Netzwerk wurde gem\u00e4\u00df dem aktuellen Stand der Technik mit Installationsmaterialien und Komponenten ausger\u00fcstet. Es stellt somit eine optimale Kommunikations- und Datenverarbeitung sicher.<\/p>\n<p><a href=\"http:\/\/elektro-duebi.ch\/web\/wp-content\/uploads\/2011\/08\/DSC00738.jpg\"><img loading=\"lazy\" decoding=\"async\" class=\"alignnone size-thumbnail wp-image-300\" title=\"SONY DSC\" alt=\"\" src=\"http:\/\/elektro-duebi.ch\/web\/wp-content\/uploads\/2011\/08\/DSC00738-150x112.jpg\" width=\"150\" height=\"112\" \/><\/a> <a href=\"http:\/\/elektro-duebi.ch\/web\/wp-content\/uploads\/2011\/08\/DSC00745.jpg\"><img loading=\"lazy\" decoding=\"async\" class=\"alignnone size-thumbnail wp-image-301\" title=\"DSC00745\" alt=\"\" src=\"http:\/\/elektro-duebi.ch\/web\/wp-content\/uploads\/2011\/08\/DSC00745-150x112.jpg\" width=\"150\" height=\"112\" \/><\/a> <a href=\"http:\/\/elektro-duebi.ch\/web\/wp-content\/uploads\/2011\/08\/DSC00746.jpg\"><img loading=\"lazy\" decoding=\"async\" class=\"alignnone size-thumbnail wp-image-302\" title=\"DSC00746\" alt=\"\" src=\"http:\/\/elektro-duebi.ch\/web\/wp-content\/uploads\/2011\/08\/DSC00746-150x112.jpg\" width=\"150\" height=\"112\" \/><\/a> <a href=\"http:\/\/elektro-duebi.ch\/web\/wp-content\/uploads\/2011\/08\/DSC00750.jpg\"><img loading=\"lazy\" decoding=\"async\" class=\"alignnone size-thumbnail wp-image-303\" title=\"DSC00750\" alt=\"\" src=\"http:\/\/elektro-duebi.ch\/web\/wp-content\/uploads\/2011\/08\/DSC00750-150x112.jpg\" width=\"150\" height=\"112\" \/><\/a><a href=\"http:\/\/elektro-duebi.ch\/web\/wp-content\/uploads\/2011\/08\/DSC00751.jpg\"><img loading=\"lazy\" decoding=\"async\" class=\"alignnone size-thumbnail wp-image-305\" title=\"DSC00751\" alt=\"\" src=\"http:\/\/elektro-duebi.ch\/web\/wp-content\/uploads\/2011\/08\/DSC00751-150x112.jpg\" width=\"150\" height=\"112\" \/><\/a> <a href=\"http:\/\/elektro-duebi.ch\/web\/wp-content\/uploads\/2011\/08\/DSC00752.jpg\"><img loading=\"lazy\" decoding=\"async\" class=\"alignnone size-thumbnail wp-image-306\" title=\"DSC00752\" alt=\"\" src=\"http:\/\/elektro-duebi.ch\/web\/wp-content\/uploads\/2011\/08\/DSC00752-150x112.jpg\" width=\"150\" height=\"112\" \/><\/a> <a href=\"http:\/\/elektro-duebi.ch\/web\/wp-content\/uploads\/2011\/08\/DSC00753.jpg\"><img loading=\"lazy\" decoding=\"async\" class=\"alignnone size-thumbnail wp-image-307\" title=\"DSC00753\" alt=\"\" src=\"http:\/\/elektro-duebi.ch\/web\/wp-content\/uploads\/2011\/08\/DSC00753-150x112.jpg\" width=\"150\" height=\"112\" \/><\/a><br \/>\n<a href=\"http:\/\/elektro-duebi.ch\/web\/wp-content\/uploads\/2011\/08\/Installationsplan-rev.-05.08.jpg\"><img loading=\"lazy\" decoding=\"async\" class=\"alignnone size-thumbnail wp-image-308\" title=\"Installationsplan-rev.-05.08\" alt=\"\" src=\"http:\/\/elektro-duebi.ch\/web\/wp-content\/uploads\/2011\/08\/Installationsplan-rev.-05.08-150x112.jpg\" width=\"150\" height=\"112\" \/><\/a> <a href=\"http:\/\/elektro-duebi.ch\/web\/wp-content\/uploads\/2011\/08\/Schema-Steuerstelle.jpg\"><img loading=\"lazy\" decoding=\"async\" class=\"alignnone size-thumbnail wp-image-309\" title=\"Schema-Steuerstelle\" alt=\"\" src=\"http:\/\/elektro-duebi.ch\/web\/wp-content\/uploads\/2011\/08\/Schema-Steuerstelle-150x112.jpg\" width=\"150\" height=\"112\" \/><\/a> <a href=\"http:\/\/elektro-duebi.ch\/web\/wp-content\/uploads\/2011\/08\/Schema-Unterverteilung-1.jpg\"><img loading=\"lazy\" decoding=\"async\" class=\"alignnone size-thumbnail wp-image-310\" title=\"Schema-Unterverteilung-1\" alt=\"\" src=\"http:\/\/elektro-duebi.ch\/web\/wp-content\/uploads\/2011\/08\/Schema-Unterverteilung-1-150x112.jpg\" width=\"150\" height=\"112\" \/><\/a> <a href=\"http:\/\/elektro-duebi.ch\/web\/wp-content\/uploads\/2011\/08\/Schema-Unterverteilung-2.jpg\"><img loading=\"lazy\" decoding=\"async\" class=\"alignnone size-thumbnail wp-image-311\" title=\"Schema-Unterverteilung-2\" alt=\"\" src=\"http:\/\/elektro-duebi.ch\/web\/wp-content\/uploads\/2011\/08\/Schema-Unterverteilung-2-150x112.jpg\" width=\"150\" height=\"112\" \/><\/a> <a href=\"http:\/\/elektro-duebi.ch\/web\/wp-content\/uploads\/2011\/08\/Schema-Unterverteilung-3.jpg\"><img loading=\"lazy\" decoding=\"async\" class=\"alignnone size-thumbnail wp-image-312\" title=\"Schema-Unterverteilung-3\" alt=\"\" src=\"http:\/\/elektro-duebi.ch\/web\/wp-content\/uploads\/2011\/08\/Schema-Unterverteilung-3-150x112.jpg\" width=\"150\" height=\"112\" \/><\/a> <a href=\"http:\/\/elektro-duebi.ch\/web\/wp-content\/uploads\/2011\/08\/Schema-Unterverteilung-4.jpg\"><img loading=\"lazy\" decoding=\"async\" class=\"alignnone size-thumbnail wp-image-313\" title=\"Schema-Unterverteilung-4\" alt=\"\" src=\"http:\/\/elektro-duebi.ch\/web\/wp-content\/uploads\/2011\/08\/Schema-Unterverteilung-4-150x112.jpg\" width=\"150\" height=\"112\" \/><\/a> <a href=\"http:\/\/elektro-duebi.ch\/web\/wp-content\/uploads\/2011\/08\/Schema-Unterverteilung-5.jpg\"><img loading=\"lazy\" decoding=\"async\" class=\"alignnone size-thumbnail wp-image-314\" title=\"Schema-Unterverteilung-5\" alt=\"\" src=\"http:\/\/elektro-duebi.ch\/web\/wp-content\/uploads\/2011\/08\/Schema-Unterverteilung-5-150x112.jpg\" width=\"150\" height=\"112\" \/><\/a> <a href=\"http:\/\/elektro-duebi.ch\/web\/wp-content\/uploads\/2011\/08\/Schema-Unterverteilung-6.jpg\"><img loading=\"lazy\" decoding=\"async\" class=\"alignnone size-thumbnail wp-image-315\" title=\"Schema-Unterverteilung-6\" alt=\"\" src=\"http:\/\/elektro-duebi.ch\/web\/wp-content\/uploads\/2011\/08\/Schema-Unterverteilung-6-150x112.jpg\" width=\"150\" height=\"112\" \/><\/a> <a href=\"http:\/\/elektro-duebi.ch\/web\/wp-content\/uploads\/2011\/08\/Schema-Unterverteilung-7.jpg\"><img loading=\"lazy\" decoding=\"async\" class=\"alignnone size-thumbnail wp-image-316\" title=\"Schema-Unterverteilung-7\" alt=\"\" src=\"http:\/\/elektro-duebi.ch\/web\/wp-content\/uploads\/2011\/08\/Schema-Unterverteilung-7-150x112.jpg\" width=\"150\" height=\"112\" \/><\/a> <a href=\"http:\/\/elektro-duebi.ch\/web\/wp-content\/uploads\/2011\/08\/Schema-Unterverteilung-8.jpg\"><img loading=\"lazy\" decoding=\"async\" class=\"alignnone size-thumbnail wp-image-317\" title=\"Schema-Unterverteilung-8\" alt=\"\" src=\"http:\/\/elektro-duebi.ch\/web\/wp-content\/uploads\/2011\/08\/Schema-Unterverteilung-8-150x112.jpg\" width=\"150\" height=\"112\" \/><\/a> <a href=\"http:\/\/elektro-duebi.ch\/web\/wp-content\/uploads\/2011\/08\/Schema-Unterverteilung-9.jpg\"><img loading=\"lazy\" decoding=\"async\" class=\"alignnone size-thumbnail wp-image-318\" title=\"Schema-Unterverteilung-9\" alt=\"\" src=\"http:\/\/elektro-duebi.ch\/web\/wp-content\/uploads\/2011\/08\/Schema-Unterverteilung-9-150x112.jpg\" width=\"150\" height=\"112\" \/><\/a> <a href=\"http:\/\/elektro-duebi.ch\/web\/wp-content\/uploads\/2011\/08\/Schema-Unterverteilung-10.jpg\"><img loading=\"lazy\" decoding=\"async\" class=\"alignnone size-thumbnail wp-image-319\" title=\"Schema-Unterverteilung-10\" alt=\"\" src=\"http:\/\/elektro-duebi.ch\/web\/wp-content\/uploads\/2011\/08\/Schema-Unterverteilung-10-150x112.jpg\" width=\"150\" height=\"112\" \/><\/a> <a href=\"http:\/\/elektro-duebi.ch\/web\/wp-content\/uploads\/2011\/08\/Schema-Unterverteilung-11.jpg\"><img loading=\"lazy\" decoding=\"async\" class=\"alignnone size-thumbnail wp-image-320\" title=\"Schema-Unterverteilung-11\" alt=\"\" src=\"http:\/\/elektro-duebi.ch\/web\/wp-content\/uploads\/2011\/08\/Schema-Unterverteilung-11-150x112.jpg\" width=\"150\" height=\"112\" \/><\/a> <a href=\"http:\/\/elektro-duebi.ch\/web\/wp-content\/uploads\/2011\/08\/Schema-Unterverteilung-12.jpg\"><img loading=\"lazy\" decoding=\"async\" class=\"alignnone size-thumbnail wp-image-321\" title=\"Schema-Unterverteilung-12\" alt=\"\" src=\"http:\/\/elektro-duebi.ch\/web\/wp-content\/uploads\/2011\/08\/Schema-Unterverteilung-12-150x112.jpg\" width=\"150\" height=\"112\" \/><\/a> <a href=\"http:\/\/elektro-duebi.ch\/web\/wp-content\/uploads\/2011\/08\/Schema-Unterverteilung-13.jpg\"><img loading=\"lazy\" decoding=\"async\" class=\"alignnone size-thumbnail wp-image-322\" title=\"Schema-Unterverteilung-13\" alt=\"\" src=\"http:\/\/elektro-duebi.ch\/web\/wp-content\/uploads\/2011\/08\/Schema-Unterverteilung-13-150x112.jpg\" width=\"150\" height=\"112\" \/><\/a> <a href=\"http:\/\/elektro-duebi.ch\/web\/wp-content\/uploads\/2011\/08\/UKV-Prinzipschema-1.jpg\"><img loading=\"lazy\" decoding=\"async\" class=\"alignnone size-thumbnail wp-image-323\" title=\"UKV-Prinzipschema-1\" alt=\"\" src=\"http:\/\/elektro-duebi.ch\/web\/wp-content\/uploads\/2011\/08\/UKV-Prinzipschema-1-150x112.jpg\" width=\"150\" height=\"112\" \/><\/a> <a href=\"http:\/\/elektro-duebi.ch\/web\/wp-content\/uploads\/2011\/08\/UKV-Prinzipschema-2.jpg\"><img loading=\"lazy\" decoding=\"async\" class=\"alignnone size-thumbnail wp-image-324\" title=\"UKV-Prinzipschema-2\" alt=\"\" src=\"http:\/\/elektro-duebi.ch\/web\/wp-content\/uploads\/2011\/08\/UKV-Prinzipschema-2-150x112.jpg\" width=\"150\" height=\"112\" \/><\/a>{\/slide}<\/p>\n<hr \/>\n<p>{tab=Weitere Referenzen}{slide=Weitere Fotos unserer Referenzarbeiten und Projekte}<br \/>\n<a href=\"http:\/\/elektro-duebi.ch\/web\/wp-content\/uploads\/2011\/08\/DSC07421.jpg\"><img loading=\"lazy\" decoding=\"async\" class=\"alignnone size-thumbnail wp-image-123\" title=\"DSC07421\" alt=\"\" src=\"http:\/\/elektro-duebi.ch\/web\/wp-content\/uploads\/2011\/08\/DSC07421-150x112.jpg\" width=\"150\" height=\"112\" srcset=\"http:\/\/elektro-duebi.ch\/web\/wp-content\/uploads\/2011\/08\/DSC07421-150x112.jpg 150w, http:\/\/elektro-duebi.ch\/web\/wp-content\/uploads\/2011\/08\/DSC07421-400x300.jpg 400w, http:\/\/elektro-duebi.ch\/web\/wp-content\/uploads\/2011\/08\/DSC07421-800x600.jpg 800w, http:\/\/elektro-duebi.ch\/web\/wp-content\/uploads\/2011\/08\/DSC07421.jpg 999.90692479523w\" sizes=\"auto, (max-width: 150px) 100vw, 150px\" \/> <\/a><a href=\"http:\/\/elektro-duebi.ch\/web\/wp-content\/uploads\/2011\/08\/013.jpg\"><img loading=\"lazy\" decoding=\"async\" class=\"alignnone size-thumbnail wp-image-177\" title=\"013\" alt=\"\" src=\"http:\/\/elektro-duebi.ch\/web\/wp-content\/uploads\/2011\/08\/013-150x112.jpg\" width=\"150\" height=\"112\" srcset=\"http:\/\/elektro-duebi.ch\/web\/wp-content\/uploads\/2011\/08\/013-150x112.jpg 150w, http:\/\/elektro-duebi.ch\/web\/wp-content\/uploads\/2011\/08\/013-400x300.jpg 400w, http:\/\/elektro-duebi.ch\/web\/wp-content\/uploads\/2011\/08\/013-800x600.jpg 800w, http:\/\/elektro-duebi.ch\/web\/wp-content\/uploads\/2011\/08\/013.jpg 1000w\" sizes=\"auto, (max-width: 150px) 100vw, 150px\" \/><\/a> <a href=\"http:\/\/elektro-duebi.ch\/web\/wp-content\/uploads\/2011\/08\/014.jpg\"><img loading=\"lazy\" decoding=\"async\" class=\"alignnone size-thumbnail wp-image-178\" title=\"014\" alt=\"\" src=\"http:\/\/elektro-duebi.ch\/web\/wp-content\/uploads\/2011\/08\/014-150x112.jpg\" width=\"150\" height=\"112\" srcset=\"http:\/\/elektro-duebi.ch\/web\/wp-content\/uploads\/2011\/08\/014-150x112.jpg 150w, http:\/\/elektro-duebi.ch\/web\/wp-content\/uploads\/2011\/08\/014-400x300.jpg 400w, http:\/\/elektro-duebi.ch\/web\/wp-content\/uploads\/2011\/08\/014-800x600.jpg 800w, http:\/\/elektro-duebi.ch\/web\/wp-content\/uploads\/2011\/08\/014.jpg 1000w\" sizes=\"auto, (max-width: 150px) 100vw, 150px\" \/> <\/a><a href=\"http:\/\/elektro-duebi.ch\/web\/wp-content\/uploads\/2011\/08\/0011.jpg\"><img loading=\"lazy\" decoding=\"async\" class=\"alignnone size-thumbnail wp-image-121\" title=\"001[1]\" alt=\"\" src=\"http:\/\/elektro-duebi.ch\/web\/wp-content\/uploads\/2011\/08\/0011-150x112.jpg\" width=\"150\" height=\"112\" srcset=\"http:\/\/elektro-duebi.ch\/web\/wp-content\/uploads\/2011\/08\/0011-150x112.jpg 150w, http:\/\/elektro-duebi.ch\/web\/wp-content\/uploads\/2011\/08\/0011-400x300.jpg 400w, http:\/\/elektro-duebi.ch\/web\/wp-content\/uploads\/2011\/08\/0011-800x600.jpg 800w, http:\/\/elektro-duebi.ch\/web\/wp-content\/uploads\/2011\/08\/0011.jpg 1000w\" sizes=\"auto, (max-width: 150px) 100vw, 150px\" \/><\/a> <a href=\"http:\/\/elektro-duebi.ch\/web\/wp-content\/uploads\/2011\/08\/001.jpg\"><img loading=\"lazy\" decoding=\"async\" class=\"alignnone size-thumbnail wp-image-118\" title=\"001\" alt=\"\" src=\"http:\/\/elektro-duebi.ch\/web\/wp-content\/uploads\/2011\/08\/001-150x112.jpg\" width=\"150\" height=\"112\" srcset=\"http:\/\/elektro-duebi.ch\/web\/wp-content\/uploads\/2011\/08\/001-150x112.jpg 150w, http:\/\/elektro-duebi.ch\/web\/wp-content\/uploads\/2011\/08\/001-400x300.jpg 400w, http:\/\/elektro-duebi.ch\/web\/wp-content\/uploads\/2011\/08\/001-800x600.jpg 800w, http:\/\/elektro-duebi.ch\/web\/wp-content\/uploads\/2011\/08\/001.jpg 1000w\" sizes=\"auto, (max-width: 150px) 100vw, 150px\" \/><\/a> <a href=\"http:\/\/elektro-duebi.ch\/web\/wp-content\/uploads\/2011\/08\/010.jpg\"><img loading=\"lazy\" decoding=\"async\" class=\"alignnone size-thumbnail wp-image-117\" title=\"010\" alt=\"\" src=\"http:\/\/elektro-duebi.ch\/web\/wp-content\/uploads\/2011\/08\/010-150x112.jpg\" width=\"150\" height=\"112\" srcset=\"http:\/\/elektro-duebi.ch\/web\/wp-content\/uploads\/2011\/08\/010-150x112.jpg 150w, http:\/\/elektro-duebi.ch\/web\/wp-content\/uploads\/2011\/08\/010-400x300.jpg 400w, http:\/\/elektro-duebi.ch\/web\/wp-content\/uploads\/2011\/08\/010-800x600.jpg 800w, http:\/\/elektro-duebi.ch\/web\/wp-content\/uploads\/2011\/08\/010.jpg 1000w\" sizes=\"auto, (max-width: 150px) 100vw, 150px\" \/><\/a> <a href=\"http:\/\/elektro-duebi.ch\/web\/wp-content\/uploads\/2011\/08\/029.jpg\"><img loading=\"lazy\" decoding=\"async\" class=\"alignnone size-thumbnail wp-image-115\" title=\"029\" alt=\"\" src=\"http:\/\/elektro-duebi.ch\/web\/wp-content\/uploads\/2011\/08\/029-150x112.jpg\" width=\"150\" height=\"112\" \/><\/a> <a href=\"http:\/\/elektro-duebi.ch\/web\/wp-content\/uploads\/2011\/08\/040.jpg\"><img loading=\"lazy\" decoding=\"async\" class=\"alignnone size-thumbnail wp-image-113\" title=\"040\" alt=\"\" src=\"http:\/\/elektro-duebi.ch\/web\/wp-content\/uploads\/2011\/08\/040-150x112.jpg\" width=\"150\" height=\"112\" srcset=\"http:\/\/elektro-duebi.ch\/web\/wp-content\/uploads\/2011\/08\/040-150x112.jpg 150w, http:\/\/elektro-duebi.ch\/web\/wp-content\/uploads\/2011\/08\/040-400x300.jpg 400w, http:\/\/elektro-duebi.ch\/web\/wp-content\/uploads\/2011\/08\/040-800x600.jpg 800w, http:\/\/elektro-duebi.ch\/web\/wp-content\/uploads\/2011\/08\/040.jpg 1000w\" sizes=\"auto, (max-width: 150px) 100vw, 150px\" \/><\/a> <a href=\"http:\/\/elektro-duebi.ch\/web\/wp-content\/uploads\/2011\/08\/SNV12069.jpg\"><img loading=\"lazy\" decoding=\"async\" class=\"alignnone size-thumbnail wp-image-109\" title=\"SNV12069\" alt=\"\" src=\"http:\/\/elektro-duebi.ch\/web\/wp-content\/uploads\/2011\/08\/SNV12069-150x112.jpg\" width=\"150\" height=\"112\" \/><\/a> <a href=\"http:\/\/elektro-duebi.ch\/web\/wp-content\/uploads\/2011\/08\/SNV12071.jpg\"><img loading=\"lazy\" decoding=\"async\" class=\"alignnone size-thumbnail wp-image-108\" title=\"SNV12071\" alt=\"\" src=\"http:\/\/elektro-duebi.ch\/web\/wp-content\/uploads\/2011\/08\/SNV12071-150x112.jpg\" width=\"150\" height=\"112\" \/><\/a> <a href=\"http:\/\/elektro-duebi.ch\/web\/wp-content\/uploads\/2011\/08\/SNV12104.jpg\"><img loading=\"lazy\" decoding=\"async\" class=\"alignnone size-thumbnail wp-image-102\" title=\"SNV12104\" alt=\"\" src=\"http:\/\/elektro-duebi.ch\/web\/wp-content\/uploads\/2011\/08\/SNV12104-150x112.jpg\" width=\"150\" height=\"112\" srcset=\"http:\/\/elektro-duebi.ch\/web\/wp-content\/uploads\/2011\/08\/SNV12104-150x112.jpg 150w, http:\/\/elektro-duebi.ch\/web\/wp-content\/uploads\/2011\/08\/SNV12104-400x300.jpg 400w, http:\/\/elektro-duebi.ch\/web\/wp-content\/uploads\/2011\/08\/SNV12104-800x600.jpg 800w, http:\/\/elektro-duebi.ch\/web\/wp-content\/uploads\/2011\/08\/SNV12104.jpg 1000w\" sizes=\"auto, (max-width: 150px) 100vw, 150px\" \/><\/a> <a href=\"http:\/\/elektro-duebi.ch\/web\/wp-content\/uploads\/2011\/08\/SNV12102.jpg\"><img loading=\"lazy\" decoding=\"async\" class=\"alignnone size-thumbnail wp-image-103\" title=\"SNV12102\" alt=\"\" src=\"http:\/\/elektro-duebi.ch\/web\/wp-content\/uploads\/2011\/08\/SNV12102-150x112.jpg\" width=\"150\" height=\"112\" \/><\/a> <a href=\"http:\/\/elektro-duebi.ch\/web\/wp-content\/uploads\/2011\/08\/SNV12073.jpg\"><img loading=\"lazy\" decoding=\"async\" class=\"alignnone size-thumbnail wp-image-107\" title=\"SNV12073\" alt=\"\" src=\"http:\/\/elektro-duebi.ch\/web\/wp-content\/uploads\/2011\/08\/SNV12073-150x112.jpg\" width=\"150\" height=\"112\" \/><\/a> <a href=\"http:\/\/elektro-duebi.ch\/web\/wp-content\/uploads\/2011\/08\/SNV12131.jpg\"><img loading=\"lazy\" decoding=\"async\" class=\"alignnone size-thumbnail wp-image-144\" title=\"SAMSUNG DIGITAL CAMERA\" alt=\"\" src=\"http:\/\/elektro-duebi.ch\/web\/wp-content\/uploads\/2011\/08\/SNV12131-150x112.jpg\" width=\"150\" height=\"112\" \/><\/a> <a href=\"http:\/\/elektro-duebi.ch\/web\/wp-content\/uploads\/2011\/08\/SNV12246.jpg\"><img loading=\"lazy\" decoding=\"async\" class=\"alignnone size-thumbnail wp-image-213\" title=\"SAMSUNG DIGITAL CAMERA\" alt=\"\" src=\"http:\/\/elektro-duebi.ch\/web\/wp-content\/uploads\/2011\/08\/SNV12246-150x112.jpg\" width=\"150\" height=\"112\" srcset=\"http:\/\/elektro-duebi.ch\/web\/wp-content\/uploads\/2011\/08\/SNV12246-150x112.jpg 150w, http:\/\/elektro-duebi.ch\/web\/wp-content\/uploads\/2011\/08\/SNV12246-400x300.jpg 400w, http:\/\/elektro-duebi.ch\/web\/wp-content\/uploads\/2011\/08\/SNV12246-800x600.jpg 800w, http:\/\/elektro-duebi.ch\/web\/wp-content\/uploads\/2011\/08\/SNV12246.jpg 1000w\" sizes=\"auto, (max-width: 150px) 100vw, 150px\" \/><\/a> <a href=\"http:\/\/elektro-duebi.ch\/web\/wp-content\/uploads\/2011\/08\/SNV12208.jpg\"><img loading=\"lazy\" decoding=\"async\" class=\"alignnone size-thumbnail wp-image-214\" title=\"SAMSUNG DIGITAL CAMERA\" alt=\"\" src=\"http:\/\/elektro-duebi.ch\/web\/wp-content\/uploads\/2011\/08\/SNV12208-150x112.jpg\" width=\"150\" height=\"112\" \/><\/a> <a href=\"http:\/\/elektro-duebi.ch\/web\/wp-content\/uploads\/2011\/08\/SNV12257.jpg\"><img loading=\"lazy\" decoding=\"async\" class=\"alignnone size-thumbnail wp-image-205\" title=\"SAMSUNG DIGITAL CAMERA\" alt=\"\" src=\"http:\/\/elektro-duebi.ch\/web\/wp-content\/uploads\/2011\/08\/SNV12257-150x112.jpg\" width=\"150\" height=\"112\" \/><\/a>{\/slide}{\/tabs}<\/p>\n","protected":false},"excerpt":{"rendered":"<p>Hier sehen Sie einige unserer Referenzarbeiten und Projekte &#8211; Unsere Firma steht f\u00fcr h\u00f6chste Qualit\u00e4t und umfangreiche, auf Sie abgestimmte Beratung. Kundenservice wird bei uns gross geschrieben! {tab=Spezial-Anlagen}{slide=Installation Stark- und Schwachstrom f\u00fcr neue Druckmaschine} &#8211; Installation Stark- und Schwachstrom f\u00fcr &hellip; <a href=\"http:\/\/elektro-duebi.ch\/web\/referenzen\">Weiterlesen <span class=\"meta-nav\">&rarr;<\/span><\/a><\/p>\n","protected":false},"author":1,"featured_media":0,"parent":0,"menu_order":6,"comment_status":"closed","ping_status":"open","template":"","meta":{"footnotes":"","_links_to":"","_links_to_target":""},"class_list":["post-12","page","type-page","status-publish","hentry"],"_links":{"self":[{"href":"http:\/\/elektro-duebi.ch\/web\/wp-json\/wp\/v2\/pages\/12","targetHints":{"allow":["GET"]}}],"collection":[{"href":"http:\/\/elektro-duebi.ch\/web\/wp-json\/wp\/v2\/pages"}],"about":[{"href":"http:\/\/elektro-duebi.ch\/web\/wp-json\/wp\/v2\/types\/page"}],"author":[{"embeddable":true,"href":"http:\/\/elektro-duebi.ch\/web\/wp-json\/wp\/v2\/users\/1"}],"replies":[{"embeddable":true,"href":"http:\/\/elektro-duebi.ch\/web\/wp-json\/wp\/v2\/comments?post=12"}],"version-history":[{"count":55,"href":"http:\/\/elektro-duebi.ch\/web\/wp-json\/wp\/v2\/pages\/12\/revisions"}],"predecessor-version":[{"id":493,"href":"http:\/\/elektro-duebi.ch\/web\/wp-json\/wp\/v2\/pages\/12\/revisions\/493"}],"wp:attachment":[{"href":"http:\/\/elektro-duebi.ch\/web\/wp-json\/wp\/v2\/media?parent=12"}],"curies":[{"name":"wp","href":"https:\/\/api.w.org\/{rel}","templated":true}]}}